{"id":2454,"date":"2018-11-15T15:46:33","date_gmt":"2018-11-15T15:46:33","guid":{"rendered":"http:\/\/darlex.es\/pharma\/productes\/mobiliario-modular-para-salas-blancas\/"},"modified":"2018-11-28T18:27:38","modified_gmt":"2018-11-28T18:27:38","slug":"mobiliari-modular-per-sales-blanques","status":"publish","type":"page","link":"https:\/\/www.darlexsoluciones.es\/ca\/pharma-2\/productes\/mobiliari-modular-per-sales-blanques\/","title":{"rendered":"Mobiliari modular per sales blanques"},"content":{"rendered":"<div id='full_slider_1'  class='avia-fullwidth-slider main_color avia-shadow   avia-builder-el-0  el_before_av_section  avia-builder-el-first   container_wrap sidebar_right'  ><div   data-size='no scaling'  data-lightbox_size='large'  data-animation='slide'  data-conditional_play=''  data-ids='1939'  data-video_counter='0'  data-autoplay='false'  data-bg_slider='false'  data-slide_height=''  data-handle='av_slideshow_full'  data-interval='5'  data-class=' '  data-el_id=''  data-css_id=''  data-scroll_down=''  data-control_layout='av-control-default'  data-custom_markup=''  data-perma_caption=''  data-autoplay_stopper=''  data-image_attachment=''  data-min_height='0px'  data-lazy_loading='disabled'  data-src=''  data-position='top left'  data-repeat='no-repeat'  data-attach='scroll'  data-stretch=''  data-img_scrset=''  class='avia-slideshow avia-slideshow-1  av-control-default av-default-height-applied avia-slideshow-no scaling av_slideshow_full   avia-slide-slider '  itemprop=\"image\" itemscope=\"itemscope\" itemtype=\"https:\/\/schema.org\/ImageObject\" ><ul class='avia-slideshow-inner ' style='padding-bottom: 28.382352941176%;' ><li  class=' av-single-slide slide-1 ' ><div data-rel='slideshow-1' class='avia-slide-wrap '   ><img class=\"wp-image-4421 avia-img-lazy-loading-not-4421\"  src=\"https:\/\/www.darlexsoluciones.es\/wp-content\/uploads\/Mobiliario-modular-imatge-gran.jpg\" width=\"1360\" height=\"386\" title='Mobiliario-modular-imatge-gran' alt=''  itemprop=\"thumbnailUrl\" srcset=\"https:\/\/www.darlexsoluciones.es\/wp-content\/uploads\/Mobiliario-modular-imatge-gran.jpg 1360w, https:\/\/www.darlexsoluciones.es\/wp-content\/uploads\/Mobiliario-modular-imatge-gran-300x85.jpg 300w, https:\/\/www.darlexsoluciones.es\/wp-content\/uploads\/Mobiliario-modular-imatge-gran-768x218.jpg 768w, https:\/\/www.darlexsoluciones.es\/wp-content\/uploads\/Mobiliario-modular-imatge-gran-1030x292.jpg 1030w, https:\/\/www.darlexsoluciones.es\/wp-content\/uploads\/Mobiliario-modular-imatge-gran-705x200.jpg 705w, https:\/\/www.darlexsoluciones.es\/wp-content\/uploads\/Mobiliario-modular-imatge-gran-450x128.jpg 450w\" sizes=\"(max-width: 1360px) 100vw, 1360px\" \/><\/div><\/li><\/ul><\/div><\/div>\n\n<style type=\"text\/css\" data-created_by=\"avia_inline_auto\" id=\"style-css-av-av_section-93fc6d94509be93122997c6fff2244dd\">\n.avia-section.av-av_section-93fc6d94509be93122997c6fff2244dd{\nbackground-color:#dbb000;\n}\n<\/style>\n<div id='av_section_1'  class='avia-section av-av_section-93fc6d94509be93122997c6fff2244dd main_color avia-section-default avia-no-border-styling  avia-builder-el-1  el_after_av_slideshow_full  el_before_av_section  avia-bg-style-scroll  av-minimum-height av-minimum-height-25  container_wrap sidebar_right'   data-av_minimum_height_pc='25'><div class='container av-section-cont-open' ><div class='template-page content  av-content-small alpha units'><div class='post-entry post-entry-type-page post-entry-2454'><div class='entry-content-wrapper clearfix'>\n\n<style type=\"text\/css\" data-created_by=\"avia_inline_auto\" id=\"style-css-av-av_heading-6b5ce0c4c2e6dfe00292d6c5ec062b87\">\n#top .av-special-heading.av-av_heading-6b5ce0c4c2e6dfe00292d6c5ec062b87{\npadding-bottom:10px;\ncolor:#ffffff;\nfont-size:50px;\n}\n.av-special-heading.av-av_heading-6b5ce0c4c2e6dfe00292d6c5ec062b87 .special-heading-inner-border{\nborder-color:#ffffff;\n}\n.av-special-heading.av-av_heading-6b5ce0c4c2e6dfe00292d6c5ec062b87 .av-subheading{\nfont-size:20px;\n}\n<\/style>\n<div  class='av-special-heading av-av_heading-6b5ce0c4c2e6dfe00292d6c5ec062b87 av-special-heading-h3 custom-color-heading blockquote modern-quote  avia-builder-el-2  avia-builder-el-no-sibling  av-inherit-size '><h3 class='av-special-heading-tag '  itemprop=\"headline\"  >Mobiliari modular per sales blanques<\/h3><div class='av_custom_color av-subheading av-subheading_below '><p>TaulellsMoblesCalaixeresPrestatgeriesTaulesCarros de servei<\/p>\n<\/div><div class='special-heading-border'><div class='special-heading-inner-border'><\/div><\/div><\/div>\n<\/div><\/div><\/div><!-- close content main div --><\/div><\/div><div id='av_section_2'  class='avia-section av-av_section-f3892e610ee9633c68397830e8f2c661 main_color avia-section-default avia-no-border-styling  avia-builder-el-3  el_after_av_section  el_before_av_section  avia-bg-style-scroll  container_wrap sidebar_right'  ><div class='container av-section-cont-open' ><div class='template-page content  av-content-small alpha units'><div class='post-entry post-entry-type-page post-entry-2454'><div class='entry-content-wrapper clearfix'>\n<div class='flex_column av-av_one_half-2a9015ff38129c418a3f2eafba3e9512 av_one_half  avia-builder-el-4  el_before_av_one_half  avia-builder-el-first  first flex_column_div '   ><p>\n<style type=\"text\/css\" data-created_by=\"avia_inline_auto\" id=\"style-css-av-av_image-8042dafb0c76736ab0473053fa7642c2\">\n.avia-image-container.av-av_image-8042dafb0c76736ab0473053fa7642c2 .av-image-caption-overlay-center{\ncolor:#ffffff;\n}\n<\/style>\n<div  class='avia-image-container av-av_image-8042dafb0c76736ab0473053fa7642c2 av-styling- avia-align-center  avia-builder-el-5  el_before_av_textblock  avia-builder-el-first  '  itemprop=\"image\" itemscope=\"itemscope\" itemtype=\"https:\/\/schema.org\/ImageObject\" ><div class=\"avia-image-container-inner\"><div class=\"avia-image-overlay-wrap\"><img class='wp-image-4424 avia-img-lazy-loading-not-4424 avia_image' src=\"https:\/\/www.darlexsoluciones.es\/wp-content\/uploads\/Mobiliario-modular-imatge-mitjana.jpg\" alt='' title='Mobiliario-modular-imatge-mitjana'  height=\"472\" width=\"1004\"  itemprop=\"thumbnailUrl\" srcset=\"https:\/\/www.darlexsoluciones.es\/wp-content\/uploads\/Mobiliario-modular-imatge-mitjana.jpg 1004w, https:\/\/www.darlexsoluciones.es\/wp-content\/uploads\/Mobiliario-modular-imatge-mitjana-300x141.jpg 300w, https:\/\/www.darlexsoluciones.es\/wp-content\/uploads\/Mobiliario-modular-imatge-mitjana-768x361.jpg 768w, https:\/\/www.darlexsoluciones.es\/wp-content\/uploads\/Mobiliario-modular-imatge-mitjana-705x331.jpg 705w, https:\/\/www.darlexsoluciones.es\/wp-content\/uploads\/Mobiliario-modular-imatge-mitjana-450x212.jpg 450w\" sizes=\"(max-width: 1004px) 100vw, 1004px\" \/><\/div><\/div><\/div><br \/>\n<section class=\"av_textblock_section \"  itemscope=\"itemscope\" itemtype=\"https:\/\/schema.org\/CreativeWork\" ><div class='avia_textblock  '   itemprop=\"text\" ><p>DARLEX s&#8217;ha convertit en un dels principals especialistes en la creaci\u00f3 de mobiliari en acer inoxidable, espec\u00edfic per a complir amb les estrictes normatives que regeixen en sales blanques o classificades.<\/p>\n<\/div><\/section><\/p><\/div>\n<style type=\"text\/css\" data-created_by=\"avia_inline_auto\" id=\"style-css-av-av_one_half-c8fc129dc35fd1ae2a1e410224d39ea8\">\n.flex_column.av-av_one_half-c8fc129dc35fd1ae2a1e410224d39ea8{\nborder-radius:0px 0px 0px 0px;\n-webkit-border-radius:0px 0px 0px 0px;\n-moz-border-radius:0px 0px 0px 0px;\n}\n<\/style>\n<div class='flex_column av-av_one_half-c8fc129dc35fd1ae2a1e410224d39ea8 av_one_half  avia-builder-el-7  el_after_av_one_half  avia-builder-el-last  flex_column_div av-zero-column-padding '   ><section class=\"av_textblock_section \"  itemscope=\"itemscope\" itemtype=\"https:\/\/schema.org\/CreativeWork\" ><div class='avia_textblock  '   itemprop=\"text\" ><h3>Solucions de primera qualitat.<\/h3>\n<p>A DARLEX adaptem els nostres productes a les caracter\u00edstiques de cada projecte.<\/p>\n<\/div><\/section><br \/>\n<section class=\"av_textblock_section \"  itemscope=\"itemscope\" itemtype=\"https:\/\/schema.org\/CreativeWork\" ><div class='avia_textblock  '   itemprop=\"text\" ><p>Fabriquem i dissenyem mobiliari a mida o est\u00e0ndard (taules, taulells, mobles, etc) per als nostres clients en sectors de la ind\u00fastria farmac\u00e8utica, qu\u00edmica, hospital\u00e0ria, veterin\u00e0ria&#8230;La nostra llarga experi\u00e8ncia aportant solucions ens ha perm\u00e8s observar la necessitat d&#8217;un desenvolupament propi per a aquest tipus de projectes. La col\u00b7laboraci\u00f3 amb els nostres clients i el nostre afany per aportar valor afegit t\u00e9 com a conseq\u00fc\u00e8ncia un ampli coneixement del sector.<\/p>\n<\/div><\/section><br \/>\n<div  class='avia-button-wrap avia-button-left  avia-builder-el-10  el_after_av_textblock  avia-builder-el-last ' >\n<style type=\"text\/css\" data-created_by=\"avia_inline_auto\" id=\"style-css-av-av_button-35aa8b64561d91772d89b25607686e18\">\n#top #wrap_all .avia-button.av-av_button-35aa8b64561d91772d89b25607686e18{\nbackground-color:#dbb000;\nborder-color:#dbb000;\ncolor:#ffffff;\ntransition:all 0.4s ease-in-out;\n-webkit-transition:all 0.4s ease-in-out;\n-moz-transition:all 0.4s ease-in-out;\n-ms-transition:all 0.4s ease-in-out;\n-o-transition:all 0.4s ease-in-out;\n}\n<\/style>\n<a href=\"http:\/\/darlex.es\/wp-content\/uploads\/Mobiliario-modular.pdf\" class=\"avia-button av-av_button-35aa8b64561d91772d89b25607686e18 avia-icon_select-yes-left-icon avia-size-small avia-position-left \" target=\"_blank\" rel=\"noopener noreferrer\"><span class='avia_button_icon avia_button_icon_left' aria-hidden='true' data-av_icon='\ue82d' data-av_iconfont='entypo-fontello'><\/span><span class='avia_iconbox_title' >PDF Mobiliari modular<\/span><\/a><\/div><\/p><\/div><\/div><\/div><\/div><!-- close content main div --><\/div><\/div>\n<style type=\"text\/css\" data-created_by=\"avia_inline_auto\" id=\"style-css-av-av_section-f342493862cc509dd93f08a2c8356ed0\">\n.avia-section.av-av_section-f342493862cc509dd93f08a2c8356ed0{\nbackground-color:#f4f4f4;\n}\n<\/style>\n<div id='av_section_3'  class='avia-section av-av_section-f342493862cc509dd93f08a2c8356ed0 main_color avia-section-default avia-no-border-styling  avia-builder-el-11  el_after_av_section  avia-builder-el-last  avia-bg-style-scroll  container_wrap sidebar_right'  ><div class='container av-section-cont-open' ><div class='template-page content  av-content-small alpha units'><div class='post-entry post-entry-type-page post-entry-2454'><div class='entry-content-wrapper clearfix'>\n\n<style type=\"text\/css\" data-created_by=\"avia_inline_auto\" id=\"style-css-av-av_heading-dae8a4f36ddc5545a61ec0a726b54754\">\n#top .av-special-heading.av-av_heading-dae8a4f36ddc5545a61ec0a726b54754{\npadding-bottom:30px;\nfont-size:33px;\n}\n<\/style>\n<div  class='av-special-heading av-av_heading-dae8a4f36ddc5545a61ec0a726b54754 av-special-heading-h3 blockquote modern-quote  avia-builder-el-12  el_before_av_one_third  avia-builder-el-first  av-inherit-size '><h3 class='av-special-heading-tag '  itemprop=\"headline\"  >Selecci\u00f3 de productes &#8211; Mobiliari modular<\/h3><div class='special-heading-border'><div class='special-heading-inner-border'><\/div><\/div><\/div>\n<div class='flex_column av-av_one_third-2a9015ff38129c418a3f2eafba3e9512 av_one_third  avia-builder-el-13  el_after_av_heading  el_before_av_one_third  first flex_column_div '   ><p>\n<style type=\"text\/css\" data-created_by=\"avia_inline_auto\" id=\"style-css-av-av_image-c540e8f9c0b33ea18c07323d8a649604\">\n.avia-image-container.av-av_image-c540e8f9c0b33ea18c07323d8a649604 .av-image-caption-overlay-center{\ncolor:#ffffff;\n}\n<\/style>\n<div  class='avia-image-container av-av_image-c540e8f9c0b33ea18c07323d8a649604 av-styling- avia-align-center  avia-builder-el-14  el_before_av_textblock  avia-builder-el-first  '  itemprop=\"image\" itemscope=\"itemscope\" itemtype=\"https:\/\/schema.org\/ImageObject\" ><div class=\"avia-image-container-inner\"><div class=\"avia-image-overlay-wrap\"><img class='wp-image-4448 avia-img-lazy-loading-not-4448 avia_image' src=\"https:\/\/www.darlexsoluciones.es\/wp-content\/uploads\/Mobiliario-modular-encimera-300x300.jpg\" alt='' title='Mobiliario-modular-encimera'  height=\"300\" width=\"300\"  itemprop=\"thumbnailUrl\" srcset=\"https:\/\/www.darlexsoluciones.es\/wp-content\/uploads\/Mobiliario-modular-encimera-300x300.jpg 300w, https:\/\/www.darlexsoluciones.es\/wp-content\/uploads\/Mobiliario-modular-encimera-80x80.jpg 80w, https:\/\/www.darlexsoluciones.es\/wp-content\/uploads\/Mobiliario-modular-encimera-36x36.jpg 36w, https:\/\/www.darlexsoluciones.es\/wp-content\/uploads\/Mobiliario-modular-encimera-180x180.jpg 180w, https:\/\/www.darlexsoluciones.es\/wp-content\/uploads\/Mobiliario-modular-encimera.jpg 400w, https:\/\/www.darlexsoluciones.es\/wp-content\/uploads\/Mobiliario-modular-encimera-120x120.jpg 120w\" sizes=\"(max-width: 300px) 100vw, 300px\" \/><\/div><\/div><\/div><br \/>\n<section class=\"av_textblock_section \"  itemscope=\"itemscope\" itemtype=\"https:\/\/schema.org\/CreativeWork\" ><div class='avia_textblock  '   itemprop=\"text\" ><h3>Taulells<\/h3>\n<\/div><\/section><br \/>\n<div  class='avia-button-wrap avia-button-left  avia-builder-el-16  el_after_av_textblock  avia-builder-el-last ' >\n<style type=\"text\/css\" data-created_by=\"avia_inline_auto\" id=\"style-css-av-av_button-a5903d40f07ad026d09d6d0410a88f13\">\n#top #wrap_all .avia-button.av-av_button-a5903d40f07ad026d09d6d0410a88f13{\nbackground-color:#dbb000;\nborder-color:#dbb000;\ncolor:#ffffff;\ntransition:all 0.4s ease-in-out;\n-webkit-transition:all 0.4s ease-in-out;\n-moz-transition:all 0.4s ease-in-out;\n-ms-transition:all 0.4s ease-in-out;\n-o-transition:all 0.4s ease-in-out;\n}\n<\/style>\n<a href=\"http:\/\/darlex.es\/wp-content\/uploads\/Mobiliario-modular-encimeras.pdf\" class=\"avia-button av-av_button-a5903d40f07ad026d09d6d0410a88f13 avia-icon_select-yes-left-icon avia-size-small avia-position-left \" target=\"_blank\" rel=\"noopener noreferrer\"><span class='avia_button_icon avia_button_icon_left' aria-hidden='true' data-av_icon='\ue82d' data-av_iconfont='entypo-fontello'><\/span><span class='avia_iconbox_title' >PDF Taulells<\/span><\/a><\/div><\/p><\/div>\n<style type=\"text\/css\" data-created_by=\"avia_inline_auto\" id=\"style-css-av-av_one_third-c8fc129dc35fd1ae2a1e410224d39ea8\">\n.flex_column.av-av_one_third-c8fc129dc35fd1ae2a1e410224d39ea8{\nborder-radius:0px 0px 0px 0px;\n-webkit-border-radius:0px 0px 0px 0px;\n-moz-border-radius:0px 0px 0px 0px;\n}\n<\/style>\n<div class='flex_column av-av_one_third-c8fc129dc35fd1ae2a1e410224d39ea8 av_one_third  avia-builder-el-17  el_after_av_one_third  el_before_av_one_third  flex_column_div av-zero-column-padding '   ><p>\n<style type=\"text\/css\" data-created_by=\"avia_inline_auto\" id=\"style-css-av-av_image-c4899f1386d15a18c6f248d9b7310036\">\n.avia-image-container.av-av_image-c4899f1386d15a18c6f248d9b7310036 .av-image-caption-overlay-center{\ncolor:#ffffff;\n}\n<\/style>\n<div  class='avia-image-container av-av_image-c4899f1386d15a18c6f248d9b7310036 av-styling- avia-align-center  avia-builder-el-18  el_before_av_textblock  avia-builder-el-first  '  itemprop=\"image\" itemscope=\"itemscope\" itemtype=\"https:\/\/schema.org\/ImageObject\" ><div class=\"avia-image-container-inner\"><div class=\"avia-image-overlay-wrap\"><img class='wp-image-4451 avia-img-lazy-loading-not-4451 avia_image' src=\"https:\/\/www.darlexsoluciones.es\/wp-content\/uploads\/Mobiliario-modular-mueble-300x300.jpg\" alt='' title='Mobiliario-modular-mueble'  height=\"300\" width=\"300\"  itemprop=\"thumbnailUrl\" srcset=\"https:\/\/www.darlexsoluciones.es\/wp-content\/uploads\/Mobiliario-modular-mueble-300x300.jpg 300w, https:\/\/www.darlexsoluciones.es\/wp-content\/uploads\/Mobiliario-modular-mueble-80x80.jpg 80w, https:\/\/www.darlexsoluciones.es\/wp-content\/uploads\/Mobiliario-modular-mueble-36x36.jpg 36w, https:\/\/www.darlexsoluciones.es\/wp-content\/uploads\/Mobiliario-modular-mueble-180x180.jpg 180w, https:\/\/www.darlexsoluciones.es\/wp-content\/uploads\/Mobiliario-modular-mueble.jpg 400w, https:\/\/www.darlexsoluciones.es\/wp-content\/uploads\/Mobiliario-modular-mueble-120x120.jpg 120w\" sizes=\"(max-width: 300px) 100vw, 300px\" \/><\/div><\/div><\/div><br \/>\n<section class=\"av_textblock_section \"  itemscope=\"itemscope\" itemtype=\"https:\/\/schema.org\/CreativeWork\" ><div class='avia_textblock  '   itemprop=\"text\" ><h3>Mobles<\/h3>\n<\/div><\/section><br \/>\n<div  class='avia-button-wrap avia-button-left  avia-builder-el-20  el_after_av_textblock  avia-builder-el-last ' >\n<style type=\"text\/css\" data-created_by=\"avia_inline_auto\" id=\"style-css-av-av_button-497daeeb13d04d015599068d41b7a646\">\n#top #wrap_all .avia-button.av-av_button-497daeeb13d04d015599068d41b7a646{\nbackground-color:#dbb000;\nborder-color:#dbb000;\ncolor:#ffffff;\ntransition:all 0.4s ease-in-out;\n-webkit-transition:all 0.4s ease-in-out;\n-moz-transition:all 0.4s ease-in-out;\n-ms-transition:all 0.4s ease-in-out;\n-o-transition:all 0.4s ease-in-out;\n}\n<\/style>\n<a href=\"http:\/\/darlex.es\/wp-content\/uploads\/Mobiliario-modular-muebles.pdf\" class=\"avia-button av-av_button-497daeeb13d04d015599068d41b7a646 avia-icon_select-yes-left-icon avia-size-small avia-position-left \" target=\"_blank\" rel=\"noopener noreferrer\"><span class='avia_button_icon avia_button_icon_left' aria-hidden='true' data-av_icon='\ue82d' data-av_iconfont='entypo-fontello'><\/span><span class='avia_iconbox_title' >PDF Mobles<\/span><\/a><\/div><\/p><\/div>\n<style type=\"text\/css\" data-created_by=\"avia_inline_auto\" id=\"style-css-av-av_one_third-c8fc129dc35fd1ae2a1e410224d39ea8\">\n.flex_column.av-av_one_third-c8fc129dc35fd1ae2a1e410224d39ea8{\nborder-radius:0px 0px 0px 0px;\n-webkit-border-radius:0px 0px 0px 0px;\n-moz-border-radius:0px 0px 0px 0px;\n}\n<\/style>\n<div class='flex_column av-av_one_third-c8fc129dc35fd1ae2a1e410224d39ea8 av_one_third  avia-builder-el-21  el_after_av_one_third  el_before_av_one_third  flex_column_div av-zero-column-padding '   ><p>\n<style type=\"text\/css\" data-created_by=\"avia_inline_auto\" id=\"style-css-av-av_image-8ddbabf4799ee2082575694d95a0a999\">\n.avia-image-container.av-av_image-8ddbabf4799ee2082575694d95a0a999 .av-image-caption-overlay-center{\ncolor:#ffffff;\n}\n<\/style>\n<div  class='avia-image-container av-av_image-8ddbabf4799ee2082575694d95a0a999 av-styling- avia-align-center  avia-builder-el-22  el_before_av_textblock  avia-builder-el-first  '  itemprop=\"image\" itemscope=\"itemscope\" itemtype=\"https:\/\/schema.org\/ImageObject\" ><div class=\"avia-image-container-inner\"><div class=\"avia-image-overlay-wrap\"><img class='wp-image-4454 avia-img-lazy-loading-not-4454 avia_image' src=\"https:\/\/www.darlexsoluciones.es\/wp-content\/uploads\/Mobiliario-modular-cajonera-300x300.jpg\" alt='' title='Mobiliario-modular-cajonera'  height=\"300\" width=\"300\"  itemprop=\"thumbnailUrl\" srcset=\"https:\/\/www.darlexsoluciones.es\/wp-content\/uploads\/Mobiliario-modular-cajonera-300x300.jpg 300w, https:\/\/www.darlexsoluciones.es\/wp-content\/uploads\/Mobiliario-modular-cajonera-80x80.jpg 80w, https:\/\/www.darlexsoluciones.es\/wp-content\/uploads\/Mobiliario-modular-cajonera-36x36.jpg 36w, https:\/\/www.darlexsoluciones.es\/wp-content\/uploads\/Mobiliario-modular-cajonera-180x180.jpg 180w, https:\/\/www.darlexsoluciones.es\/wp-content\/uploads\/Mobiliario-modular-cajonera.jpg 400w, https:\/\/www.darlexsoluciones.es\/wp-content\/uploads\/Mobiliario-modular-cajonera-120x120.jpg 120w\" sizes=\"(max-width: 300px) 100vw, 300px\" \/><\/div><\/div><\/div><br \/>\n<section class=\"av_textblock_section \"  itemscope=\"itemscope\" itemtype=\"https:\/\/schema.org\/CreativeWork\" ><div class='avia_textblock  '   itemprop=\"text\" ><h3>Calaixeres<\/h3>\n<\/div><\/section><br \/>\n<div  class='avia-button-wrap avia-button-left  avia-builder-el-24  el_after_av_textblock  avia-builder-el-last ' >\n<style type=\"text\/css\" data-created_by=\"avia_inline_auto\" id=\"style-css-av-av_button-17c99b19be765962a7ba786a1216dfbc\">\n#top #wrap_all .avia-button.av-av_button-17c99b19be765962a7ba786a1216dfbc{\nbackground-color:#dbb000;\nborder-color:#dbb000;\ncolor:#ffffff;\ntransition:all 0.4s ease-in-out;\n-webkit-transition:all 0.4s ease-in-out;\n-moz-transition:all 0.4s ease-in-out;\n-ms-transition:all 0.4s ease-in-out;\n-o-transition:all 0.4s ease-in-out;\n}\n<\/style>\n<a href=\"http:\/\/darlex.es\/wp-content\/uploads\/Mobiliario-modular-cajoneras.pdf\" class=\"avia-button av-av_button-17c99b19be765962a7ba786a1216dfbc avia-icon_select-yes-left-icon avia-size-small avia-position-left \" target=\"_blank\" rel=\"noopener noreferrer\"><span class='avia_button_icon avia_button_icon_left' aria-hidden='true' data-av_icon='\ue82d' data-av_iconfont='entypo-fontello'><\/span><span class='avia_iconbox_title' >PDF Calaixeres<\/span><\/a><\/div><\/p><\/div><div class='flex_column av-av_one_third-2a9015ff38129c418a3f2eafba3e9512 av_one_third  avia-builder-el-25  el_after_av_one_third  el_before_av_one_third  first flex_column_div column-top-margin'   ><p>\n<style type=\"text\/css\" data-created_by=\"avia_inline_auto\" id=\"style-css-av-av_image-4cabc71d1197fe04c248d76185458b3f\">\n.avia-image-container.av-av_image-4cabc71d1197fe04c248d76185458b3f .av-image-caption-overlay-center{\ncolor:#ffffff;\n}\n<\/style>\n<div  class='avia-image-container av-av_image-4cabc71d1197fe04c248d76185458b3f av-styling- avia-align-center  avia-builder-el-26  el_before_av_textblock  avia-builder-el-first  '  itemprop=\"image\" itemscope=\"itemscope\" itemtype=\"https:\/\/schema.org\/ImageObject\" ><div class=\"avia-image-container-inner\"><div class=\"avia-image-overlay-wrap\"><img class='wp-image-4457 avia-img-lazy-loading-not-4457 avia_image' src=\"https:\/\/www.darlexsoluciones.es\/wp-content\/uploads\/Mobiliario-modular-estanteria-300x300.jpg\" alt='' title='Mobiliario-modular-estanteria'  height=\"300\" width=\"300\"  itemprop=\"thumbnailUrl\" srcset=\"https:\/\/www.darlexsoluciones.es\/wp-content\/uploads\/Mobiliario-modular-estanteria-300x300.jpg 300w, https:\/\/www.darlexsoluciones.es\/wp-content\/uploads\/Mobiliario-modular-estanteria-80x80.jpg 80w, https:\/\/www.darlexsoluciones.es\/wp-content\/uploads\/Mobiliario-modular-estanteria-36x36.jpg 36w, https:\/\/www.darlexsoluciones.es\/wp-content\/uploads\/Mobiliario-modular-estanteria-180x180.jpg 180w, https:\/\/www.darlexsoluciones.es\/wp-content\/uploads\/Mobiliario-modular-estanteria.jpg 400w, https:\/\/www.darlexsoluciones.es\/wp-content\/uploads\/Mobiliario-modular-estanteria-120x120.jpg 120w\" sizes=\"(max-width: 300px) 100vw, 300px\" \/><\/div><\/div><\/div><br \/>\n<section class=\"av_textblock_section \"  itemscope=\"itemscope\" itemtype=\"https:\/\/schema.org\/CreativeWork\" ><div class='avia_textblock  '   itemprop=\"text\" ><h3>Prestatgeries<\/h3>\n<\/div><\/section><br \/>\n<div  class='avia-button-wrap avia-button-left  avia-builder-el-28  el_after_av_textblock  avia-builder-el-last ' >\n<style type=\"text\/css\" data-created_by=\"avia_inline_auto\" id=\"style-css-av-av_button-e119cb98fad32ed4103b951053099538\">\n#top #wrap_all .avia-button.av-av_button-e119cb98fad32ed4103b951053099538{\nbackground-color:#dbb000;\nborder-color:#dbb000;\ncolor:#ffffff;\ntransition:all 0.4s ease-in-out;\n-webkit-transition:all 0.4s ease-in-out;\n-moz-transition:all 0.4s ease-in-out;\n-ms-transition:all 0.4s ease-in-out;\n-o-transition:all 0.4s ease-in-out;\n}\n<\/style>\n<a href=\"http:\/\/darlex.es\/wp-content\/uploads\/Mobiliario-modular-estanterias.pdf\" class=\"avia-button av-av_button-e119cb98fad32ed4103b951053099538 avia-icon_select-yes-left-icon avia-size-small avia-position-left \" target=\"_blank\" rel=\"noopener noreferrer\"><span class='avia_button_icon avia_button_icon_left' aria-hidden='true' data-av_icon='\ue82d' data-av_iconfont='entypo-fontello'><\/span><span class='avia_iconbox_title' >PDF Prestatgeries<\/span><\/a><\/div><\/p><\/div>\n<style type=\"text\/css\" data-created_by=\"avia_inline_auto\" id=\"style-css-av-av_one_third-c8fc129dc35fd1ae2a1e410224d39ea8\">\n.flex_column.av-av_one_third-c8fc129dc35fd1ae2a1e410224d39ea8{\nborder-radius:0px 0px 0px 0px;\n-webkit-border-radius:0px 0px 0px 0px;\n-moz-border-radius:0px 0px 0px 0px;\n}\n<\/style>\n<div class='flex_column av-av_one_third-c8fc129dc35fd1ae2a1e410224d39ea8 av_one_third  avia-builder-el-29  el_after_av_one_third  el_before_av_one_third  flex_column_div av-zero-column-padding column-top-margin'   ><p>\n<style type=\"text\/css\" data-created_by=\"avia_inline_auto\" id=\"style-css-av-av_image-e32e4eebd51aacd09f5c852417e7a0d0\">\n.avia-image-container.av-av_image-e32e4eebd51aacd09f5c852417e7a0d0 .av-image-caption-overlay-center{\ncolor:#ffffff;\n}\n<\/style>\n<div  class='avia-image-container av-av_image-e32e4eebd51aacd09f5c852417e7a0d0 av-styling- avia-align-center  avia-builder-el-30  el_before_av_textblock  avia-builder-el-first  '  itemprop=\"image\" itemscope=\"itemscope\" itemtype=\"https:\/\/schema.org\/ImageObject\" ><div class=\"avia-image-container-inner\"><div class=\"avia-image-overlay-wrap\"><img class='wp-image-4460 avia-img-lazy-loading-not-4460 avia_image' src=\"https:\/\/www.darlexsoluciones.es\/wp-content\/uploads\/Mobiliario-modular-mesa-300x300.jpg\" alt='' title='Mobiliario-modular-mesa'  height=\"300\" width=\"300\"  itemprop=\"thumbnailUrl\" srcset=\"https:\/\/www.darlexsoluciones.es\/wp-content\/uploads\/Mobiliario-modular-mesa-300x300.jpg 300w, https:\/\/www.darlexsoluciones.es\/wp-content\/uploads\/Mobiliario-modular-mesa-80x80.jpg 80w, https:\/\/www.darlexsoluciones.es\/wp-content\/uploads\/Mobiliario-modular-mesa-36x36.jpg 36w, https:\/\/www.darlexsoluciones.es\/wp-content\/uploads\/Mobiliario-modular-mesa-180x180.jpg 180w, https:\/\/www.darlexsoluciones.es\/wp-content\/uploads\/Mobiliario-modular-mesa.jpg 400w, https:\/\/www.darlexsoluciones.es\/wp-content\/uploads\/Mobiliario-modular-mesa-120x120.jpg 120w\" sizes=\"(max-width: 300px) 100vw, 300px\" \/><\/div><\/div><\/div><br \/>\n<section class=\"av_textblock_section \"  itemscope=\"itemscope\" itemtype=\"https:\/\/schema.org\/CreativeWork\" ><div class='avia_textblock  '   itemprop=\"text\" ><h3>Taules<\/h3>\n<\/div><\/section><br \/>\n<div  class='avia-button-wrap avia-button-left  avia-builder-el-32  el_after_av_textblock  avia-builder-el-last ' >\n<style type=\"text\/css\" data-created_by=\"avia_inline_auto\" id=\"style-css-av-av_button-9b99bc31e790db04294bebad71644596\">\n#top #wrap_all .avia-button.av-av_button-9b99bc31e790db04294bebad71644596{\nbackground-color:#dbb000;\nborder-color:#dbb000;\ncolor:#ffffff;\ntransition:all 0.4s ease-in-out;\n-webkit-transition:all 0.4s ease-in-out;\n-moz-transition:all 0.4s ease-in-out;\n-ms-transition:all 0.4s ease-in-out;\n-o-transition:all 0.4s ease-in-out;\n}\n<\/style>\n<a href=\"http:\/\/darlex.es\/wp-content\/uploads\/Mobiliario-modular-mesas.pdf\" class=\"avia-button av-av_button-9b99bc31e790db04294bebad71644596 avia-icon_select-yes-left-icon avia-size-small avia-position-left \" target=\"_blank\" rel=\"noopener noreferrer\"><span class='avia_button_icon avia_button_icon_left' aria-hidden='true' data-av_icon='\ue82d' data-av_iconfont='entypo-fontello'><\/span><span class='avia_iconbox_title' >PDF Taules<\/span><\/a><\/div><\/p><\/div>\n<style type=\"text\/css\" data-created_by=\"avia_inline_auto\" id=\"style-css-av-av_one_third-c8fc129dc35fd1ae2a1e410224d39ea8\">\n.flex_column.av-av_one_third-c8fc129dc35fd1ae2a1e410224d39ea8{\nborder-radius:0px 0px 0px 0px;\n-webkit-border-radius:0px 0px 0px 0px;\n-moz-border-radius:0px 0px 0px 0px;\n}\n<\/style>\n<div class='flex_column av-av_one_third-c8fc129dc35fd1ae2a1e410224d39ea8 av_one_third  avia-builder-el-33  el_after_av_one_third  avia-builder-el-last  flex_column_div av-zero-column-padding column-top-margin'   ><p>\n<style type=\"text\/css\" data-created_by=\"avia_inline_auto\" id=\"style-css-av-av_image-deb5ef6d8afd634d127fdd6946616ed6\">\n.avia-image-container.av-av_image-deb5ef6d8afd634d127fdd6946616ed6 .av-image-caption-overlay-center{\ncolor:#ffffff;\n}\n<\/style>\n<div  class='avia-image-container av-av_image-deb5ef6d8afd634d127fdd6946616ed6 av-styling- avia-align-center  avia-builder-el-34  el_before_av_textblock  avia-builder-el-first  '  itemprop=\"image\" itemscope=\"itemscope\" itemtype=\"https:\/\/schema.org\/ImageObject\" ><div class=\"avia-image-container-inner\"><div class=\"avia-image-overlay-wrap\"><img class='wp-image-4463 avia-img-lazy-loading-not-4463 avia_image' src=\"https:\/\/www.darlexsoluciones.es\/wp-content\/uploads\/Mobiliari-modular-carro-de-servicio-300x300.jpg\" alt='' title='Mobiliari-modular-carro-de-servicio'  height=\"300\" width=\"300\"  itemprop=\"thumbnailUrl\" srcset=\"https:\/\/www.darlexsoluciones.es\/wp-content\/uploads\/Mobiliari-modular-carro-de-servicio-300x300.jpg 300w, https:\/\/www.darlexsoluciones.es\/wp-content\/uploads\/Mobiliari-modular-carro-de-servicio-80x80.jpg 80w, https:\/\/www.darlexsoluciones.es\/wp-content\/uploads\/Mobiliari-modular-carro-de-servicio-36x36.jpg 36w, https:\/\/www.darlexsoluciones.es\/wp-content\/uploads\/Mobiliari-modular-carro-de-servicio-180x180.jpg 180w, https:\/\/www.darlexsoluciones.es\/wp-content\/uploads\/Mobiliari-modular-carro-de-servicio.jpg 400w, https:\/\/www.darlexsoluciones.es\/wp-content\/uploads\/Mobiliari-modular-carro-de-servicio-120x120.jpg 120w\" sizes=\"(max-width: 300px) 100vw, 300px\" \/><\/div><\/div><\/div><br \/>\n<section class=\"av_textblock_section \"  itemscope=\"itemscope\" itemtype=\"https:\/\/schema.org\/CreativeWork\" ><div class='avia_textblock  '   itemprop=\"text\" ><h3>Carros de servei<\/h3>\n<\/div><\/section><br \/>\n<div  class='avia-button-wrap avia-button-left  avia-builder-el-36  el_after_av_textblock  avia-builder-el-last ' >\n<style type=\"text\/css\" data-created_by=\"avia_inline_auto\" id=\"style-css-av-av_button-6219056bd25b621e5913cc1b66d0da11\">\n#top #wrap_all .avia-button.av-av_button-6219056bd25b621e5913cc1b66d0da11{\nbackground-color:#dbb000;\nborder-color:#dbb000;\ncolor:#ffffff;\ntransition:all 0.4s ease-in-out;\n-webkit-transition:all 0.4s ease-in-out;\n-moz-transition:all 0.4s ease-in-out;\n-ms-transition:all 0.4s ease-in-out;\n-o-transition:all 0.4s ease-in-out;\n}\n<\/style>\n<a href=\"http:\/\/darlex.es\/wp-content\/uploads\/Mobiliario-modular-carros-de-servicio.pdf\" class=\"avia-button av-av_button-6219056bd25b621e5913cc1b66d0da11 avia-icon_select-yes-left-icon avia-size-small avia-position-left \" target=\"_blank\" rel=\"noopener noreferrer\"><span class='avia_button_icon avia_button_icon_left' aria-hidden='true' data-av_icon='\ue82d' data-av_iconfont='entypo-fontello'><\/span><span class='avia_iconbox_title' >PDF Carros de servei<\/span><\/a><\/div><\/p><\/div><\/div><\/div><\/div><!-- close content main div --><\/div><\/div><div id='after_section_3'  class='main_color av_default_container_wrap container_wrap sidebar_right'  ><div class='container av-section-cont-open' ><div class='template-page content  av-content-small alpha units'><div class='post-entry post-entry-type-page post-entry-2454'><div class='entry-content-wrapper clearfix'><\/p>\n","protected":false},"excerpt":{"rendered":"","protected":false},"author":4,"featured_media":0,"parent":831,"menu_order":0,"comment_status":"closed","ping_status":"closed","template":"","meta":[],"_links":{"self":[{"href":"https:\/\/www.darlexsoluciones.es\/ca\/wp-json\/wp\/v2\/pages\/2454"}],"collection":[{"href":"https:\/\/www.darlexsoluciones.es\/ca\/wp-json\/wp\/v2\/pages"}],"about":[{"href":"https:\/\/www.darlexsoluciones.es\/ca\/wp-json\/wp\/v2\/types\/page"}],"author":[{"embeddable":true,"href":"https:\/\/www.darlexsoluciones.es\/ca\/wp-json\/wp\/v2\/users\/4"}],"replies":[{"embeddable":true,"href":"https:\/\/www.darlexsoluciones.es\/ca\/wp-json\/wp\/v2\/comments?post=2454"}],"version-history":[{"count":4,"href":"https:\/\/www.darlexsoluciones.es\/ca\/wp-json\/wp\/v2\/pages\/2454\/revisions"}],"predecessor-version":[{"id":2579,"href":"https:\/\/www.darlexsoluciones.es\/ca\/wp-json\/wp\/v2\/pages\/2454\/revisions\/2579"}],"up":[{"embeddable":true,"href":"https:\/\/www.darlexsoluciones.es\/ca\/wp-json\/wp\/v2\/pages\/831"}],"wp:attachment":[{"href":"https:\/\/www.darlexsoluciones.es\/ca\/wp-json\/wp\/v2\/media?parent=2454"}],"curies":[{"name":"wp","href":"https:\/\/api.w.org\/{rel}","templated":true}]}}